{"id":800,"date":"2025-03-20T08:35:06","date_gmt":"2025-03-20T08:35:06","guid":{"rendered":"http:\/\/localhost:8888\/MAMP\/heka\/?page_id=800"},"modified":"2025-03-20T08:35:06","modified_gmt":"2025-03-20T08:35:06","slug":"reseau-tarifaire","status":"publish","type":"page","link":"https:\/\/www.heka-assurances.com\/index.php\/offres-heka\/services\/maitrise-du-risque\/reseau-tarifaire\/","title":{"rendered":"R\u00e9seaux tarifaires"},"content":{"rendered":"\n<div class=\"is-layout-constrained wp-container-1 wp-block-group has-custom-services-background-color has-background\" style=\"margin-top:0;margin-bottom:0;padding-top:var(--wp--preset--spacing--40);padding-right:var(--wp--preset--spacing--50);padding-bottom:var(--wp--preset--spacing--40);padding-left:var(--wp--preset--spacing--50)\">\n<figure class=\"wp-block-image aligncenter size-full is-resized\"><img decoding=\"async\" loading=\"lazy\" width=\"631\" height=\"636\" src=\"https:\/\/www.heka-assurances.com\/wp-content\/uploads\/2025\/03\/gold.png\" alt=\"\" class=\"wp-image-2028\" style=\"width:52px\" srcset=\"https:\/\/www.heka-assurances.com\/wp-content\/uploads\/2025\/03\/gold.png 631w, https:\/\/www.heka-assurances.com\/wp-content\/uploads\/2025\/03\/gold-298x300.png 298w, https:\/\/www.heka-assurances.com\/wp-content\/uploads\/2025\/03\/gold-150x150.png 150w, https:\/\/www.heka-assurances.com\/wp-content\/uploads\/2025\/03\/gold-75x75.png 75w\" sizes=\"(max-width: 631px) 100vw, 631px\" \/><\/figure>\n\n\n\n<p class=\"wp-elements-8b22ad87668821325c26379cb12d9495 has-text-align-center has-base-color has-text-color has-link-color has-medium-font-size\">Optilys le plus vaste r\u00e9seau de professionnels de sant\u00e9 <br>du march\u00e9 en optique, dentaire et audio-proth\u00e8se.<\/p>\n<\/div>\n\n\n\n<div class=\"is-layout-constrained wp-container-2 wp-block-group\" style=\"padding-top:var(--wp--preset--spacing--40);padding-right:var(--wp--preset--spacing--50);padding-bottom:var(--wp--preset--spacing--40);padding-left:var(--wp--preset--spacing--50)\">\n<h2 class=\"wp-block-heading has-text-align-center hidden-element\"><em>Notre<\/em> Offre <strong>de r\u00e9seaux tarifaires<\/strong><\/h2>\n<\/div>\n\n\n\n<div class=\"is-layout-constrained wp-container-8 wp-block-group\" style=\"padding-right:var(--wp--preset--spacing--50);padding-left:var(--wp--preset--spacing--50)\">\n<div class=\"is-layout-flex wp-container-7 wp-block-columns\">\n<div class=\"is-layout-flow wp-block-column\" style=\"padding-bottom:var(--wp--preset--spacing--70)\" id=\"ImgZone\">\n<figure class=\"wp-block-image size-large hidden-element\"><img decoding=\"async\" loading=\"lazy\" width=\"1024\" height=\"683\" src=\"https:\/\/www.heka-assurances.com\/wp-content\/uploads\/2025\/02\/img4-1024x683.png\" alt=\"\" class=\"wp-image-1215\" srcset=\"https:\/\/www.heka-assurances.com\/wp-content\/uploads\/2025\/02\/img4-1024x683.png 1024w, https:\/\/www.heka-assurances.com\/wp-content\/uploads\/2025\/02\/img4-300x200.png 300w, https:\/\/www.heka-assurances.com\/wp-content\/uploads\/2025\/02\/img4-768x512.png 768w, https:\/\/www.heka-assurances.com\/wp-content\/uploads\/2025\/02\/img4.png 1500w\" sizes=\"(max-width: 1024px) 100vw, 1024px\" \/><\/figure>\n\n\n\n<div id=\"Position1\" class=\"is-content-justification-left is-layout-constrained wp-container-3 wp-block-group card shape-bottom-right\" style=\"padding-top:var(--wp--preset--spacing--60);padding-right:var(--wp--preset--spacing--40);padding-bottom:var(--wp--preset--spacing--60);padding-left:var(--wp--preset--spacing--40)\">\n<h3 class=\"wp-block-heading\"><strong><strong><strong>Animation de r\u00e9seaux ouverts en optique, audioproth\u00e8se, dentaire<\/strong><\/strong><\/strong><\/h3>\n\n\n\n<p>Une offre adressant les besoins de ma\u00eetrise sur les postes de d\u00e9penses \u00e0 tarifs libres.<\/p>\n<\/div>\n\n\n\n<div id=\"Position2\" class=\"is-content-justification-left is-layout-constrained wp-container-4 wp-block-group card shape-top-right\" style=\"padding-top:var(--wp--preset--spacing--60);padding-right:var(--wp--preset--spacing--40);padding-bottom:var(--wp--preset--spacing--60);padding-left:var(--wp--preset--spacing--40)\">\n<h3 class=\"wp-block-heading\">Dispositif de r\u00e9gulation tarifaire<\/h3>\n\n\n\n<p>Une offre comprenant un syst\u00e8me de refus de prises en charge pour un prix pratiqu\u00e9 anormalement \u00e9lev\u00e9.<\/p>\n<\/div>\n\n\n\n<div id=\"Position3\" class=\"is-content-justification-left is-layout-constrained wp-container-5 wp-block-group card card-inverse shape-bottom-right\" style=\"padding-top:var(--wp--preset--spacing--60);padding-right:var(--wp--preset--spacing--40);padding-bottom:var(--wp--preset--spacing--60);padding-left:var(--wp--preset--spacing--40)\">\n<h3 class=\"wp-block-heading\">Gestion des engagements qualit\u00e9 et tarifaire<\/h3>\n\n\n\n<p>Un r\u00e9seau de soins national comptabilisant&nbsp;plus de 17 000 professionnels de sant\u00e9 partenaires&nbsp;proposant des prix n\u00e9goci\u00e9s&nbsp;ou r\u00e9gul\u00e9s&nbsp;et une qualit\u00e9 optimale<\/p>\n<\/div>\n<\/div>\n<\/div>\n<\/div>\n\n\n\n<div class=\"is-layout-constrained wp-container-13 wp-elements-7748278a102f00869ac31e6281236089 wp-block-group bg-shape-bottom-left hidden-element has-base-color has-custom-services-background-color has-text-color has-background has-link-color\" style=\"padding-right:var(--wp--preset--spacing--50);padding-left:var(--wp--preset--spacing--50)\">\n<div style=\"height:20px\" aria-hidden=\"true\" class=\"wp-block-spacer\"><\/div>\n\n\n\n<h2 class=\"wp-elements-1c2e169a64f5c99e99a80abae9dc8b5f wp-block-heading has-text-align-center has-base-color has-text-color has-link-color\"><em>Vos Avantages <\/em>En optique<\/h2>\n\n\n\n<div class=\"is-layout-flex wp-container-12 wp-block-columns\" style=\"margin-top:var(--wp--preset--spacing--50);margin-bottom:var(--wp--preset--spacing--50)\">\n<div class=\"is-layout-flow wp-block-column\">\n<p class=\"wp-elements-f271fe6931798dc35391432fdc5692b9 has-text-align-center has-accent-6-color has-text-color has-link-color has-xx-large-font-size\"><strong>99% <\/strong><\/p>\n\n\n\n<p class=\"wp-elements-02b188ffd67d6d1ea4d886dff57cb289 has-text-align-center has-base-color has-text-color has-link-color\">des opticiens fran\u00e7ais adress\u00e9s<\/p>\n\n\n\n<p class=\"wp-elements-a100ab8f93476345b2661e61d3724ff6 has-text-align-center has-base-color has-text-color has-link-color has-small-font-size\">Sur les 15 000 Opticiens en France, 5 200 membres de notre r\u00e9seaux optilys et 9 800 conventionn\u00e9s hors r\u00e9seaux<\/p>\n<\/div>\n\n\n\n<div class=\"is-layout-flow wp-block-column\">\n<p class=\"wp-elements-9a69bcb519705b9987a4dee2116e5fd3 has-text-align-center has-accent-6-color has-text-color has-link-color has-xx-large-font-size\"><strong>-35%<\/strong><\/p>\n\n\n\n<p class=\"wp-elements-6e86c811a15bbae59335864c14f766b8 has-text-align-center has-base-color has-text-color has-link-color\">Sur le prix des verres<\/p>\n<\/div>\n\n\n\n<div class=\"is-layout-flow wp-block-column\">\n<p class=\"wp-elements-5c4366b550bb0be3f73ad452c6c3c4c4 has-text-align-center has-accent-6-color has-text-color has-link-color has-xx-large-font-size\"><strong>-15%<\/strong><\/p>\n\n\n\n<p class=\"wp-elements-33c82232723e7e58cab36b733b5324ea has-text-align-center has-base-color has-text-color has-link-color\">Sur le prix des montures<\/p>\n\n\n\n<p class=\"wp-elements-299993d09f6e452cd0fc7d097e8b7d96 has-text-align-center has-base-color has-text-color has-link-color has-small-font-size\">Garantie casse et adaptation<\/p>\n<\/div>\n<\/div>\n<\/div>\n\n\n\n<p><\/p>\n\n\n\n<div class=\"is-layout-constrained wp-container-18 wp-elements-6c1d056536024168168136632a31cf4e wp-block-group hidden-element has-base-color has-text-color has-link-color\" style=\"padding-right:var(--wp--preset--spacing--50);padding-left:var(--wp--preset--spacing--50)\">\n<hr class=\"wp-block-separator has-alpha-channel-opacity\"\/>\n\n\n\n<h2 class=\"wp-elements-8bba0d140f962544bacbc3fcf2f6e0e6 wp-block-heading has-text-align-center has-contrast-color has-text-color has-link-color\"><em>Vos Avantages <\/em>En audio<\/h2>\n\n\n\n<p class=\"wp-elements-3a026657ddb42bc1441d37defce63d8c has-text-align-center has-accent-4-color has-text-color has-link-color\">Tiers Payant syst\u00e9matique et imm\u00e9diat dans plus de 6 000 centres d\u2019audition partout en France<br>900 centres partenaires avec des prix n\u00e9goci\u00e9s<\/p>\n\n\n\n<p class=\"wp-elements-b55fbd29d97fe6e286eeb94b7567f827 has-text-align-center has-base-color has-text-color has-link-color\"><\/p>\n\n\n\n<div class=\"is-layout-flex wp-container-17 wp-block-columns\" style=\"margin-top:var(--wp--preset--spacing--50);margin-bottom:var(--wp--preset--spacing--50)\">\n<div class=\"is-layout-flow wp-block-column\">\n<p class=\"wp-elements-edf129b8f3c0834769ab57149e62770e has-text-align-center has-contrast-color has-text-color has-link-color has-xx-large-font-size\"><strong>-20% <\/strong><\/p>\n\n\n\n<p class=\"wp-elements-5c4f59135b034af7d7a52736c4127ea7 has-text-align-center has-accent-4-color has-text-color has-link-color\">sur la garantie 4 ans<\/p>\n<\/div>\n\n\n\n<div class=\"is-layout-flow wp-block-column\">\n<p class=\"wp-elements-b75d67c60cf2da01c78fcc6eda0d88d8 has-text-align-center has-contrast-color has-text-color has-link-color has-xx-large-font-size\"><strong>-15%<\/strong><\/p>\n\n\n\n<p class=\"wp-elements-6c177f1f350ebe7b90fa2a817ffebed8 has-text-align-center has-accent-4-color has-text-color has-link-color\">sur les appareils auditifs <br>et accessoires<\/p>\n<\/div>\n\n\n\n<div class=\"is-layout-flow wp-block-column\">\n<p class=\"wp-elements-dc7177be9479e9e1bf810329c8a84b23 has-text-align-center has-contrast-color has-text-color has-link-color has-xx-large-font-size\"><strong>-35%<\/strong><\/p>\n\n\n\n<p class=\"wp-elements-32e4a7d896fe7bea8e07adb5b05d64cb has-text-align-center has-accent-4-color has-text-color has-link-color\">sur les packs appareil\/garantie<\/p>\n<\/div>\n<\/div>\n<\/div>\n\n\n\n<div class=\"is-layout-constrained wp-container-22 wp-elements-7db1b98301146dc1b1099abee40c7687 wp-block-group bg-shape-top-right hidden-element has-base-color has-custom-services-background-color has-text-color has-background has-link-color\" style=\"padding-right:var(--wp--preset--spacing--50);padding-left:var(--wp--preset--spacing--50)\">\n<h2 class=\"wp-elements-84491404526be876ab8f26083134bdb8 wp-block-heading has-text-align-center has-base-color has-text-color has-link-color\"><em>Vos Avantages <\/em>En dentaire<\/h2>\n\n\n\n<div class=\"is-layout-flex wp-container-21 wp-block-columns\" style=\"margin-top:var(--wp--preset--spacing--50);margin-bottom:var(--wp--preset--spacing--50)\">\n<div class=\"is-layout-flow wp-block-column\">\n<p class=\"wp-elements-98f84ac0ca0690c06082e179f9c7e8ee has-text-align-center has-accent-6-color has-text-color has-link-color has-xx-large-font-size\"><strong>10 200 <\/strong><\/p>\n\n\n\n<p class=\"wp-elements-00f6102f948f2fd64466f20e761e8d6b has-text-align-center has-base-color has-text-color has-link-color\">dentistes conventionn\u00e9s <\/p>\n\n\n\n<p class=\"wp-elements-ab85cecc8064353aaddaec6b27fd3f7d has-text-align-center has-base-color has-text-color has-link-color has-small-font-size\">(cabinets, centres dentaires et \u00e9tablissements)<\/p>\n<\/div>\n\n\n\n<div class=\"is-layout-flow wp-block-column\">\n<p class=\"wp-elements-5c4366b550bb0be3f73ad452c6c3c4c4 has-text-align-center has-accent-6-color has-text-color has-link-color has-xx-large-font-size\"><strong>-15%<\/strong><\/p>\n\n\n\n<p class=\"wp-elements-fc67c82cca8ed30c04205dcc1f4c346b has-text-align-center has-base-color has-text-color has-link-color\">de d\u00e9penses \u00e9vit\u00e9es<\/p>\n<\/div>\n<\/div>\n<\/div>\n\n\n\n<div class=\"is-layout-constrained wp-container-24 wp-block-group\" style=\"padding-top:var(--wp--preset--spacing--50);padding-right:var(--wp--preset--spacing--50);padding-bottom:0;padding-left:var(--wp--preset--spacing--50)\">\n<h2 class=\"wp-elements-310d8f9144f6e8fb68066af36f95743f wp-block-heading has-text-align-center hidden-element has-contrast-color has-text-color has-link-color\"><em>Notre<\/em> Plus value<\/h2>\n\n\n\n<div style=\"height:12px\" aria-hidden=\"true\" class=\"wp-block-spacer\"><\/div>\n\n\n\n<div class=\"is-layout-constrained wp-block-group shape-bottom-right hidden-element has-accent-5-background-color has-background\" style=\"border-radius:12px;padding-top:var(--wp--preset--spacing--40);padding-right:var(--wp--preset--spacing--50);padding-bottom:var(--wp--preset--spacing--40);padding-left:var(--wp--preset--spacing--50)\">\n<p class=\"wp-elements-8327e1947e824a1a9d5b9654a91a31fd has-contrast-color has-text-color has-link-color\"><strong>Des prix n\u00e9goci\u00e9s <\/strong><br>sur les appareils auditifs et leurs accessoires.<\/p>\n\n\n\n<p class=\"wp-elements-74c0b3912e2726531e6b8a263e366592 has-contrast-color has-text-color has-link-color\"><strong>Une tra\u00e7abilit\u00e9 compl\u00e8te <\/strong><br>du fabricant de verres jusqu\u2019au consommateur.<\/p>\n\n\n\n<p class=\"wp-elements-674160c53db743d8b0e1dc5f7d9e3956 has-contrast-color has-text-color has-link-color\"><strong>Filtre optique pour l\u2019ensemble des opticiens hors r\u00e9seau <\/strong><br>avec refus de Prise En Charge pour tarifs anormalement \u00e9lev\u00e9s (avec les ventes en r\u00e9seau, et le dispositif hors r\u00e9seau, 100% des \u00e9quipements optiques soumis \u00e0 remboursement sont ainsi sous contr\u00f4le de prix).<\/p>\n\n\n\n<p class=\"wp-elements-c282f4684db115123878a6c0a6a9d3b1 has-contrast-color has-text-color has-link-color\"><strong>Optilys veille \u00e0 la bonne articulation <\/strong><br>avec l\u2019offre 100% sant\u00e9 en la compl\u00e9tant de services innovants.<\/p>\n<\/div>\n\n\n\n<ul class=\"wp-elements-5875856ac998df109c9aa72d31e9de16 wp-block-list hidden-element has-accent-4-color has-text-color has-link-color\"><\/ul>\n<\/div>\n\n\n\n<div class=\"is-layout-constrained wp-container-33 wp-block-group\" style=\"padding-right:var(--wp--preset--spacing--50);padding-left:var(--wp--preset--spacing--50)\">\n<div style=\"height:100px\" aria-hidden=\"true\" class=\"wp-block-spacer\"><\/div>\n\n\n\n<h2 class=\"wp-block-heading has-text-align-center hidden-element\"><em>Notre<\/em> Engagement<\/h2>\n\n\n\n<div style=\"height:12px\" aria-hidden=\"true\" class=\"wp-block-spacer\"><\/div>\n\n\n\n<div class=\"is-layout-flex wp-container-32 wp-block-columns\">\n<div class=\"is-layout-flow wp-block-column\">\n<div class=\"is-content-justification-left is-layout-constrained wp-container-25 wp-block-group card card-inverse shape-bottom-right\" style=\"padding-top:var(--wp--preset--spacing--50);padding-right:var(--wp--preset--spacing--40);padding-bottom:var(--wp--preset--spacing--50);padding-left:var(--wp--preset--spacing--40)\">\n<h3 class=\"wp-block-heading\">Rapport qualit\u00e9\/prix<\/h3>\n\n\n\n<p>Un engagement sur la qualit\u00e9 des services et les prix pratiqu\u00e9s.<\/p>\n<\/div>\n\n\n\n<div class=\"is-content-justification-left is-layout-constrained wp-container-26 wp-block-group card shape-top-right\" style=\"padding-top:var(--wp--preset--spacing--50);padding-right:var(--wp--preset--spacing--40);padding-bottom:var(--wp--preset--spacing--50);padding-left:var(--wp--preset--spacing--40)\">\n<h3 class=\"wp-block-heading\">R\u00e9seau hospitalier<\/h3>\n\n\n\n<p>Mise en place d\u2019un r\u00e9seau d\u2019h\u00f4pitaux en 2026.<\/p>\n<\/div>\n<\/div>\n\n\n\n<div class=\"is-layout-flow wp-block-column\">\n<div class=\"is-content-justification-left is-layout-constrained wp-container-28 wp-block-group card shape-bottom-right\" style=\"padding-top:var(--wp--preset--spacing--50);padding-right:var(--wp--preset--spacing--40);padding-bottom:var(--wp--preset--spacing--50);padding-left:var(--wp--preset--spacing--40)\">\n<h3 class=\"wp-block-heading\">Maillage g\u00e9ographique<\/h3>\n\n\n\n<p>Un accroissement constant du nombre de partenaires.<\/p>\n<\/div>\n<\/div>\n\n\n\n<div class=\"is-layout-flow wp-block-column\">\n<div class=\"is-content-justification-left is-layout-constrained wp-container-30 wp-block-group card shape-bottom-left\" style=\"padding-top:var(--wp--preset--spacing--50);padding-right:var(--wp--preset--spacing--40);padding-bottom:var(--wp--preset--spacing--50);padding-left:var(--wp--preset--spacing--40)\">\n<h3 class=\"wp-block-heading\">Partenariat dentaire<\/h3>\n\n\n\n<p>Mise en place d\u2019\u00e9changes \u00e9lectroniques avec les cabinets et centres dentaires d\u00e8s d\u00e9but 2025<\/p>\n<\/div>\n<\/div>\n<\/div>\n<\/div>\n","protected":false},"excerpt":{"rendered":"<p>Optilys le plus vaste r\u00e9seau de professionnels de sant\u00e9 du march\u00e9 en optique, dentaire et audio-proth\u00e8se. Notre Offre de r\u00e9seaux [&hellip;]<\/p>\n","protected":false},"author":1,"featured_media":0,"parent":388,"menu_order":0,"comment_status":"closed","ping_status":"closed","template":"","meta":{"site-sidebar-layout":"default","site-content-layout":"","ast-site-content-layout":"default","site-content-style":"default","site-sidebar-style":"default","ast-global-header-display":"","ast-banner-title-visibility":"","ast-main-header-display":"","ast-hfb-above-header-display":"","ast-hfb-below-header-display":"","ast-hfb-mobile-header-display":"","site-post-title":"","ast-breadcrumbs-content":"","ast-featured-img":"","footer-sml-layout":"","ast-disable-related-posts":"","theme-transparent-header-meta":"","adv-header-id-meta":"","stick-header-meta":"","header-above-stick-meta":"","header-main-stick-meta":"","header-below-stick-meta":"","astra-migrate-meta-layouts":"default","ast-page-background-enabled":"default","ast-page-background-meta":{"desktop":{"background-color":"var(--ast-global-color-5)","background-image":"","background-repeat":"repeat","background-position":"center center","background-size":"auto","background-attachment":"scroll","background-type":"","background-media":"","overlay-type":"","overlay-color":"","overlay-opacity":"","overlay-gradient":""},"tablet":{"background-color":"","background-image":"","background-repeat":"repeat","background-position":"center center","background-size":"auto","background-attachment":"scroll","background-type":"","background-media":"","overlay-type":"","overlay-color":"","overlay-opacity":"","overlay-gradient":""},"mobile":{"background-color":"","background-image":"","background-repeat":"repeat","background-position":"center center","background-size":"auto","background-attachment":"scroll","background-type":"","background-media":"","overlay-type":"","overlay-color":"","overlay-opacity":"","overlay-gradient":""}},"ast-content-background-meta":{"desktop":{"background-color":"var(--ast-global-color-4)","background-image":"","background-repeat":"repeat","background-position":"center center","background-size":"auto","background-attachment":"scroll","background-type":"","background-media":"","overlay-type":"","overlay-color":"","overlay-opacity":"","overlay-gradient":""},"tablet":{"background-color":"var(--ast-global-color-4)","background-image":"","background-repeat":"repeat","background-position":"center center","background-size":"auto","background-attachment":"scroll","background-type":"","background-media":"","overlay-type":"","overlay-color":"","overlay-opacity":"","overlay-gradient":""},"mobile":{"background-color":"var(--ast-global-color-4)","background-image":"","background-repeat":"repeat","background-position":"center center","background-size":"auto","background-attachment":"scroll","background-type":"","background-media":"","overlay-type":"","overlay-color":"","overlay-opacity":"","overlay-gradient":""}}},"_links":{"self":[{"href":"https:\/\/www.heka-assurances.com\/index.php\/wp-json\/wp\/v2\/pages\/800"}],"collection":[{"href":"https:\/\/www.heka-assurances.com\/index.php\/wp-json\/wp\/v2\/pages"}],"about":[{"href":"https:\/\/www.heka-assurances.com\/index.php\/wp-json\/wp\/v2\/types\/page"}],"author":[{"embeddable":true,"href":"https:\/\/www.heka-assurances.com\/index.php\/wp-json\/wp\/v2\/users\/1"}],"replies":[{"embeddable":true,"href":"https:\/\/www.heka-assurances.com\/index.php\/wp-json\/wp\/v2\/comments?post=800"}],"version-history":[{"count":45,"href":"https:\/\/www.heka-assurances.com\/index.php\/wp-json\/wp\/v2\/pages\/800\/revisions"}],"predecessor-version":[{"id":2106,"href":"https:\/\/www.heka-assurances.com\/index.php\/wp-json\/wp\/v2\/pages\/800\/revisions\/2106"}],"up":[{"embeddable":true,"href":"https:\/\/www.heka-assurances.com\/index.php\/wp-json\/wp\/v2\/pages\/388"}],"wp:attachment":[{"href":"https:\/\/www.heka-assurances.com\/index.php\/wp-json\/wp\/v2\/media?parent=800"}],"curies":[{"name":"wp","href":"https:\/\/api.w.org\/{rel}","templated":true}]}}