{"id":390,"date":"2025-03-20T08:35:06","date_gmt":"2025-03-20T08:35:06","guid":{"rendered":"http:\/\/localhost:8888\/MAMP\/heka\/?page_id=390"},"modified":"2025-03-20T08:35:06","modified_gmt":"2025-03-20T08:35:06","slug":"formation","status":"publish","type":"page","link":"https:\/\/www.heka-assurances.com\/index.php\/offres-heka\/services\/formation\/","title":{"rendered":"Formation"},"content":{"rendered":"\n<div class=\"is-layout-constrained wp-container-1 wp-block-group has-custom-services-background-color has-background\" style=\"margin-top:0;margin-bottom:0;padding-top:var(--wp--preset--spacing--40);padding-right:var(--wp--preset--spacing--50);padding-bottom:var(--wp--preset--spacing--40);padding-left:var(--wp--preset--spacing--50)\">\n<figure class=\"wp-block-image aligncenter size-full is-resized\"><img decoding=\"async\" loading=\"lazy\" width=\"631\" height=\"636\" src=\"https:\/\/www.heka-assurances.com\/wp-content\/uploads\/2025\/03\/gold.png\" alt=\"\" class=\"wp-image-2028\" style=\"width:52px\" srcset=\"https:\/\/www.heka-assurances.com\/wp-content\/uploads\/2025\/03\/gold.png 631w, https:\/\/www.heka-assurances.com\/wp-content\/uploads\/2025\/03\/gold-298x300.png 298w, https:\/\/www.heka-assurances.com\/wp-content\/uploads\/2025\/03\/gold-150x150.png 150w, https:\/\/www.heka-assurances.com\/wp-content\/uploads\/2025\/03\/gold-75x75.png 75w\" sizes=\"(max-width: 631px) 100vw, 631px\" \/><\/figure>\n\n\n\n<p class=\"wp-elements-12f49556d331873bfdbf5a2a445a7fc1 has-text-align-center has-base-color has-text-color has-link-color has-medium-font-size\">Un catalogue de formation en assurance et sur nos outils <br>pour la mont\u00e9e en comp\u00e9tence de vos collaborateurs<\/p>\n<\/div>\n\n\n\n<div class=\"is-layout-constrained wp-container-2 wp-block-group\" style=\"padding-top:var(--wp--preset--spacing--40);padding-right:var(--wp--preset--spacing--50);padding-bottom:var(--wp--preset--spacing--60);padding-left:var(--wp--preset--spacing--50)\">\n<h2 class=\"wp-block-heading has-text-align-center hidden-element\"><em>Notre<\/em> Offre<strong> de formation<\/strong><\/h2>\n<\/div>\n\n\n\n<div class=\"is-layout-constrained wp-container-8 wp-block-group\" style=\"padding-right:var(--wp--preset--spacing--50);padding-left:var(--wp--preset--spacing--50)\">\n<div class=\"is-layout-flex wp-container-7 wp-block-columns\">\n<div class=\"is-layout-flow wp-block-column\" style=\"padding-bottom:var(--wp--preset--spacing--70)\" id=\"ImgZone\">\n<figure class=\"wp-block-image size-large hidden-element\"><img decoding=\"async\" loading=\"lazy\" width=\"1024\" height=\"683\" src=\"https:\/\/www.heka-assurances.com\/wp-content\/uploads\/2025\/02\/img6-1024x683.png\" alt=\"\" class=\"wp-image-1217\" srcset=\"https:\/\/www.heka-assurances.com\/wp-content\/uploads\/2025\/02\/img6-1024x683.png 1024w, https:\/\/www.heka-assurances.com\/wp-content\/uploads\/2025\/02\/img6-300x200.png 300w, https:\/\/www.heka-assurances.com\/wp-content\/uploads\/2025\/02\/img6-768x512.png 768w, https:\/\/www.heka-assurances.com\/wp-content\/uploads\/2025\/02\/img6.png 1500w\" sizes=\"(max-width: 1024px) 100vw, 1024px\" \/><\/figure>\n\n\n\n<div id=\"Position1\" class=\"is-content-justification-left is-layout-constrained wp-container-4 wp-block-group card shape-bottom-right\" style=\"padding-top:var(--wp--preset--spacing--60);padding-right:var(--wp--preset--spacing--40);padding-bottom:var(--wp--preset--spacing--60);padding-left:var(--wp--preset--spacing--40)\">\n<h3 class=\"wp-block-heading\">15 th\u00e9matiques diff\u00e9rentes<\/h3>\n\n\n\n<p>Notre catalogue, riche de plus de 15 th\u00e9matiques diff\u00e9rentes, t\u00e9moigne de notre engagement pour r\u00e9pondre \u00e0 vos attentes.<\/p>\n\n\n\n<div class=\"is-layout-flex wp-block-buttons\">\n<div class=\"wp-block-button has-custom-font-size is-style-outline has-small-font-size\"><a class=\"wp-block-button__link has-base-color has-contrast-background-color has-text-color has-background has-link-color wp-element-button\" href=\"https:\/\/formation-gfptech.catalogueformpro.com\/\" style=\"padding-top:4px;padding-bottom:4px\" target=\"_blank\" rel=\"noreferrer noopener\">Afficher les formations<\/a><\/div>\n<\/div>\n<\/div>\n\n\n\n<div id=\"Position3\" class=\"is-content-justification-left is-layout-constrained wp-container-5 wp-block-group card card-inverse shape-bottom-right\" style=\"padding-top:var(--wp--preset--spacing--60);padding-right:var(--wp--preset--spacing--40);padding-bottom:var(--wp--preset--spacing--60);padding-left:var(--wp--preset--spacing--40)\">\n<h3 class=\"wp-block-heading\">Expertise de nos formateurs<\/h3>\n\n\n\n<p>L\u2019expertise de nos formateurs permet de couvrir la gestion des contrats sant\u00e9 et pr\u00e9voyance sur nos outils.<\/p>\n<\/div>\n<\/div>\n<\/div>\n<\/div>\n\n\n\n<div class=\"is-layout-constrained wp-container-10 wp-elements-6f8d903943176186d578fb66bf8d27b3 wp-block-group bg-shape-bottom-left hidden-element has-base-color has-custom-services-background-color has-text-color has-background has-link-color\" style=\"padding-right:var(--wp--preset--spacing--50);padding-left:var(--wp--preset--spacing--50)\">\n<h2 class=\"wp-elements-c91fa50c02d3c97b8a292c5f17c152b7 wp-block-heading has-text-align-center has-base-color has-text-color has-link-color\"><em>Informations<\/em> Pratiques<\/h2>\n\n\n\n<p class=\"wp-elements-f9622ed1de03a3c5139c9287b74db4b6 has-text-align-center has-base-color has-text-color has-link-color has-small-font-size\">En pr\u00e9sentiel ou en distanciel<\/p>\n\n\n\n<p class=\"wp-elements-5e3f061be5f5c67509d613d19fbb5eea has-text-align-center has-base-color has-text-color has-link-color has-large-font-size\">Vous avez des questions ?<\/p>\n\n\n\n<div class=\"is-content-justification-center is-layout-flex wp-container-9 wp-block-buttons\">\n<div class=\"wp-block-button btn btn-cta\"><a class=\"wp-block-button__link has-text-align-center wp-element-button\" href=\"http:\/\/localhost:8888\/MAMP\/heka\/index.php\/entreprise\/contactez-nous\/\">Contactez-nous<\/a><\/div>\n<\/div>\n<\/div>\n\n\n\n<div class=\"is-layout-constrained wp-container-59 wp-block-group\" style=\"padding-top:0;padding-right:var(--wp--preset--spacing--50);padding-bottom:0;padding-left:var(--wp--preset--spacing--50)\">\n<h2 class=\"wp-block-heading has-text-align-center hidden-element\"><em>Notre<\/em> Catalogue <strong>de formations<\/strong><\/h2>\n\n\n\n<p class=\"has-text-align-center\"><\/p>\n\n\n\n<div class=\"is-layout-flex wp-container-20 wp-block-columns\">\n<div class=\"is-layout-flow wp-block-column\">\n<div class=\"is-content-justification-left is-layout-constrained wp-container-12 wp-block-group card card-hover shape-bottom-right\" style=\"padding-top:var(--wp--preset--spacing--50);padding-right:var(--wp--preset--spacing--40);padding-bottom:var(--wp--preset--spacing--50);padding-left:var(--wp--preset--spacing--40)\">\n<h3 class=\"wp-block-heading\">D\u00e9couverte<\/h3>\n\n\n\n<p>Les modules propos\u00e9s portent sur la d\u00e9couverte de l\u2019assurance de personnes et sur les particularit\u00e9s des frais de sant\u00e9 ou de la pr\u00e9voyance.<\/p>\n\n\n\n<div class=\"is-layout-flex wp-block-buttons\">\n<div class=\"wp-block-button has-custom-font-size is-style-fill has-small-font-size\"><a class=\"wp-block-button__link has-contrast-color has-base-background-color has-text-color has-background has-link-color wp-element-button\" href=\"https:\/\/formation-gfptech.catalogueformpro.com\/\" style=\"padding-top:4px;padding-bottom:4px\" target=\"_blank\" rel=\"noreferrer noopener\">Afficher les formations<\/a><\/div>\n<\/div>\n<\/div>\n<\/div>\n\n\n\n<div class=\"is-layout-flow wp-block-column\">\n<div class=\"is-content-justification-left is-layout-constrained wp-container-15 wp-block-group card card-hover shape-top-right\" style=\"padding-top:var(--wp--preset--spacing--50);padding-right:var(--wp--preset--spacing--40);padding-bottom:var(--wp--preset--spacing--50);padding-left:var(--wp--preset--spacing--40)\">\n<h3 class=\"wp-block-heading\">Param\u00e9trage<\/h3>\n\n\n\n<p>D\u00e9couvrir et apprendre \u00e0 param\u00e9trer les contrats dans Open_<\/p>\n\n\n\n<div class=\"is-layout-flex wp-block-buttons\">\n<div class=\"wp-block-button has-custom-font-size is-style-fill has-small-font-size\"><a class=\"wp-block-button__link has-contrast-color has-base-background-color has-text-color has-background has-link-color wp-element-button\" href=\"https:\/\/formation-gfptech.catalogueformpro.com\/0\/parametrage\" style=\"padding-top:4px;padding-bottom:4px\" target=\"_blank\" rel=\"noreferrer noopener\">Afficher les formations<\/a><\/div>\n<\/div>\n<\/div>\n<\/div>\n\n\n\n<div class=\"is-layout-flow wp-block-column\">\n<div class=\"is-content-justification-left is-layout-constrained wp-container-18 wp-block-group card card-hover shape-top-right\" style=\"padding-top:var(--wp--preset--spacing--50);padding-right:var(--wp--preset--spacing--40);padding-bottom:var(--wp--preset--spacing--50);padding-left:var(--wp--preset--spacing--40)\">\n<h3 class=\"wp-block-heading\">Adh\u00e9sions<\/h3>\n\n\n\n<p>Cette formation permet de d\u00e9couvrir les gestes outils pour r\u00e9aliser les affiliations, la mise en place de la t\u00e9l\u00e9transmission et l\u2019ensemble des mises \u00e0 jour.<\/p>\n\n\n\n<div class=\"is-layout-flex wp-block-buttons\">\n<div class=\"wp-block-button has-custom-font-size is-style-fill has-small-font-size\"><a class=\"wp-block-button__link has-contrast-color has-base-background-color has-text-color has-background has-link-color wp-element-button\" href=\"https:\/\/formation-gfptech.catalogueformpro.com\/1\/adhesions\" style=\"padding-top:4px;padding-bottom:4px\" target=\"_blank\" rel=\"noreferrer noopener\">Afficher les formations<\/a><\/div>\n<\/div>\n<\/div>\n<\/div>\n<\/div>\n\n\n\n<div class=\"is-layout-flex wp-container-30 wp-block-columns\">\n<div class=\"is-layout-flow wp-block-column\">\n<div class=\"is-content-justification-left is-layout-constrained wp-container-22 wp-block-group card card-hover shape-bottom-right\" style=\"padding-top:var(--wp--preset--spacing--50);padding-right:var(--wp--preset--spacing--40);padding-bottom:var(--wp--preset--spacing--50);padding-left:var(--wp--preset--spacing--40)\">\n<h3 class=\"wp-block-heading\">Prestations sant\u00e9 assur\u00e9s<\/h3>\n\n\n\n<p>Apprendre \u00e0 utiliser les outils pour le remboursement des frais de sant\u00e9. Par exemple : devis, saisie manuelle, rejets de dossiers t\u00e9l\u00e9transmis\u2026<\/p>\n\n\n\n<div class=\"is-layout-flex wp-block-buttons\">\n<div class=\"wp-block-button has-custom-font-size is-style-fill has-small-font-size\"><a class=\"wp-block-button__link has-contrast-color has-base-background-color has-text-color has-background has-link-color wp-element-button\" href=\"https:\/\/formation-gfptech.catalogueformpro.com\/3\/prestations-sante\" style=\"padding-top:4px;padding-bottom:4px\" target=\"_blank\" rel=\"noreferrer noopener\">Afficher les formations<\/a><\/div>\n<\/div>\n<\/div>\n<\/div>\n\n\n\n<div class=\"is-layout-flow wp-block-column\">\n<div class=\"is-content-justification-left is-layout-constrained wp-container-25 wp-block-group card card-hover shape-bottom-left\" style=\"padding-top:var(--wp--preset--spacing--50);padding-right:var(--wp--preset--spacing--40);padding-bottom:var(--wp--preset--spacing--50);padding-left:var(--wp--preset--spacing--40)\">\n<h3 class=\"wp-block-heading\">Prestations sant\u00e9 professionnel de sant\u00e9<\/h3>\n\n\n\n<p>Cette formation a pour objectif de ma\u00eetriser les outils de traitement des factures de tiers-payant.<\/p>\n\n\n\n<div class=\"is-layout-flex wp-block-buttons\">\n<div class=\"wp-block-button has-custom-font-size is-style-fill has-small-font-size\"><a class=\"wp-block-button__link has-contrast-color has-base-background-color has-text-color has-background has-link-color wp-element-button\" href=\"https:\/\/formation-gfptech.catalogueformpro.com\/0\/parametrage\" style=\"padding-top:4px;padding-bottom:4px\" target=\"_blank\" rel=\"noreferrer noopener\">Afficher les formations<\/a><\/div>\n<\/div>\n<\/div>\n<\/div>\n\n\n\n<div class=\"is-layout-flow wp-block-column\">\n<div class=\"is-content-justification-left is-layout-constrained wp-container-28 wp-block-group card card-hover shape-bottom-right\" style=\"padding-top:var(--wp--preset--spacing--50);padding-right:var(--wp--preset--spacing--40);padding-bottom:var(--wp--preset--spacing--50);padding-left:var(--wp--preset--spacing--40)\">\n<h3 class=\"wp-block-heading\">Cotisations<\/h3>\n\n\n\n<p>Ces formations 100% op\u00e9rationnelles vous permettent d\u2019acqu\u00e9rir la maitrise des outils pour g\u00e9rer les cotisations.<\/p>\n\n\n\n<div class=\"is-layout-flex wp-block-buttons\">\n<div class=\"wp-block-button has-custom-font-size is-style-fill has-small-font-size\"><a class=\"wp-block-button__link has-contrast-color has-base-background-color has-text-color has-background has-link-color wp-element-button\" href=\"https:\/\/formation-gfptech.catalogueformpro.com\/2\/cotisations\" style=\"padding-top:4px;padding-bottom:4px\" target=\"_blank\" rel=\"noreferrer noopener\">Afficher les formations<\/a><\/div>\n<\/div>\n<\/div>\n<\/div>\n<\/div>\n\n\n\n<div class=\"is-layout-flex wp-container-40 wp-block-columns\">\n<div class=\"is-layout-flow wp-block-column\">\n<div class=\"is-content-justification-left is-layout-constrained wp-container-32 wp-block-group card card-hover shape-bottom-right\" style=\"padding-top:var(--wp--preset--spacing--50);padding-right:var(--wp--preset--spacing--40);padding-bottom:var(--wp--preset--spacing--50);padding-left:var(--wp--preset--spacing--40)\">\n<h3 class=\"wp-block-heading\">Int\u00e9grateur comptable<\/h3>\n\n\n\n<p>Cette formation se concentre sur le param\u00e9trage de l&rsquo;interface avec votre logiciel comptable et l&rsquo;outil de gestion des commissions.<\/p>\n\n\n\n<div class=\"is-layout-flex wp-block-buttons\">\n<div class=\"wp-block-button has-custom-font-size is-style-fill has-small-font-size\"><a class=\"wp-block-button__link has-contrast-color has-base-background-color has-text-color has-background has-link-color wp-element-button\" href=\"https:\/\/formation-gfptech.catalogueformpro.com\/\" style=\"padding-top:4px;padding-bottom:4px\" target=\"_blank\" rel=\"noreferrer noopener\">Afficher les formations<\/a><\/div>\n<\/div>\n<\/div>\n<\/div>\n\n\n\n<div class=\"is-layout-flow wp-block-column\">\n<div class=\"is-content-justification-left is-layout-constrained wp-container-35 wp-block-group card card-hover shape-bottom-right\" style=\"padding-top:var(--wp--preset--spacing--50);padding-right:var(--wp--preset--spacing--40);padding-bottom:var(--wp--preset--spacing--50);padding-left:var(--wp--preset--spacing--40)\">\n<h3 class=\"wp-block-heading\">DSN<\/h3>\n\n\n\n<p>La formation permet de comprendre le fonctionnement de la DSN,&nbsp; son traitement et d\u2019accompagner les entreprises clientes dans le param\u00e9trage des donn\u00e9es.<\/p>\n\n\n\n<div class=\"is-layout-flex wp-block-buttons\">\n<div class=\"wp-block-button has-custom-font-size is-style-fill has-small-font-size\"><a class=\"wp-block-button__link has-contrast-color has-base-background-color has-text-color has-background has-link-color wp-element-button\" href=\"https:\/\/formation-gfptech.catalogueformpro.com\/7\/dsn\" style=\"padding-top:4px;padding-bottom:4px\" target=\"_blank\" rel=\"noreferrer noopener\">Afficher les formations<\/a><\/div>\n<\/div>\n<\/div>\n<\/div>\n\n\n\n<div class=\"is-layout-flow wp-block-column\">\n<div class=\"is-content-justification-left is-layout-constrained wp-container-38 wp-block-group card card-hover shape-top-right\" style=\"padding-top:var(--wp--preset--spacing--50);padding-right:var(--wp--preset--spacing--40);padding-bottom:var(--wp--preset--spacing--50);padding-left:var(--wp--preset--spacing--40)\">\n<h3 class=\"wp-block-heading\">Pr\u00e9voyance<\/h3>\n\n\n\n<p>Apprendre \u00e0 g\u00e9rer une prestations pr\u00e9voyance, \u00e0 traiter les flux Prest\u2019IJ ou IJ Noemie et ceux \u00e9manant de la DSN&nbsp;<\/p>\n\n\n\n<div class=\"is-layout-flex wp-block-buttons\">\n<div class=\"wp-block-button has-custom-font-size is-style-fill has-small-font-size\"><a class=\"wp-block-button__link has-contrast-color has-base-background-color has-text-color has-background has-link-color wp-element-button\" href=\"https:\/\/formation-gfptech.catalogueformpro.com\/4\/prestations-prevoyance\" style=\"padding-top:4px;padding-bottom:4px\" target=\"_blank\" rel=\"noreferrer noopener\">Afficher les formations<\/a><\/div>\n<\/div>\n<\/div>\n<\/div>\n<\/div>\n\n\n\n<div class=\"is-layout-flex wp-container-50 wp-block-columns\">\n<div class=\"is-layout-flow wp-block-column\">\n<div class=\"is-content-justification-left is-layout-constrained wp-container-42 wp-block-group card card-hover shape-bottom-right\" style=\"padding-top:var(--wp--preset--spacing--50);padding-right:var(--wp--preset--spacing--40);padding-bottom:var(--wp--preset--spacing--50);padding-left:var(--wp--preset--spacing--40)\">\n<h3 class=\"wp-block-heading\">Consultation et recherche des donn\u00e9es<\/h3>\n\n\n\n<p>Cette formation concerne toute personne ayant besoin d&rsquo;une vision des outils de l\u2019\u00e9cosyst\u00e8me Open_by heka et des informations sur tous les domaines<\/p>\n\n\n\n<div class=\"is-layout-flex wp-block-buttons\">\n<div class=\"wp-block-button has-custom-font-size is-style-fill has-small-font-size\"><a class=\"wp-block-button__link has-contrast-color has-base-background-color has-text-color has-background has-link-color wp-element-button\" href=\"https:\/\/formation-gfptech.catalogueformpro.com\/\" style=\"padding-top:4px;padding-bottom:4px\" target=\"_blank\" rel=\"noreferrer noopener\">Afficher les formations<\/a><\/div>\n<\/div>\n<\/div>\n<\/div>\n\n\n\n<div class=\"is-layout-flow wp-block-column\">\n<div class=\"is-content-justification-left is-layout-constrained wp-container-45 wp-block-group card card-hover shape-bottom-right\" style=\"padding-top:var(--wp--preset--spacing--50);padding-right:var(--wp--preset--spacing--40);padding-bottom:var(--wp--preset--spacing--50);padding-left:var(--wp--preset--spacing--40)\">\n<h3 class=\"wp-block-heading\">Web<\/h3>\n\n\n\n<p>D\u00e9couvrez les outils de back-office web, les sites web ou application mobile mis \u00e0 disposition par Open_by heka.&nbsp;<\/p>\n\n\n\n<div class=\"is-layout-flex wp-block-buttons\">\n<div class=\"wp-block-button has-custom-font-size is-style-fill has-small-font-size\"><a class=\"wp-block-button__link has-contrast-color has-base-background-color has-text-color has-background has-link-color wp-element-button\" href=\"https:\/\/formation-gfptech.catalogueformpro.com\/6\/web\" style=\"padding-top:4px;padding-bottom:4px\" target=\"_blank\" rel=\"noreferrer noopener\">Afficher les formations<\/a><\/div>\n<\/div>\n<\/div>\n<\/div>\n\n\n\n<div class=\"is-layout-flow wp-block-column\">\n<div class=\"is-content-justification-left is-layout-constrained wp-container-48 wp-block-group card card-hover shape-top-right\" style=\"padding-top:var(--wp--preset--spacing--50);padding-right:var(--wp--preset--spacing--40);padding-bottom:var(--wp--preset--spacing--50);padding-left:var(--wp--preset--spacing--40)\">\n<h3 class=\"wp-block-heading\">Outil de relation clients<\/h3>\n\n\n\n<p>Cette formation permet de d\u00e9couvrir notre outil de relation clients Qonect et de traiter les appels, r\u00e9ponses mails, enregistrement d\u2019une r\u00e9clamation\u2026<\/p>\n\n\n\n<div class=\"is-layout-flex wp-block-buttons\">\n<div class=\"wp-block-button has-custom-font-size is-style-fill has-small-font-size\"><a class=\"wp-block-button__link has-contrast-color has-base-background-color has-text-color has-background has-link-color wp-element-button\" href=\"https:\/\/formation-gfptech.catalogueformpro.com\/\" style=\"padding-top:4px;padding-bottom:4px\" target=\"_blank\" rel=\"noreferrer noopener\">Afficher les formations<\/a><\/div>\n<\/div>\n<\/div>\n<\/div>\n<\/div>\n\n\n\n<div class=\"is-layout-flex wp-container-58 wp-block-columns\">\n<div class=\"is-layout-flow wp-block-column\">\n<div class=\"is-content-justification-left is-layout-constrained wp-container-52 wp-block-group card card-hover shape-bottom-right\" style=\"padding-top:var(--wp--preset--spacing--50);padding-right:var(--wp--preset--spacing--40);padding-bottom:var(--wp--preset--spacing--50);padding-left:var(--wp--preset--spacing--40)\">\n<h3 class=\"wp-block-heading\">Reporting<\/h3>\n\n\n\n<p>Apprendre \u00e0 utiliser les diff\u00e9rents outils de reporting disponibles : analyse de la performance, Soltis : pilotage du r\u00e9gime frais de Sant\u00e9, Datashare : base \u00e0 plat des donn\u00e9es<\/p>\n\n\n\n<div class=\"is-layout-flex wp-block-buttons\">\n<div class=\"wp-block-button has-custom-font-size is-style-fill has-small-font-size\"><a class=\"wp-block-button__link has-contrast-color has-base-background-color has-text-color has-background has-link-color wp-element-button\" href=\"https:\/\/formation-gfptech.catalogueformpro.com\/\" style=\"padding-top:4px;padding-bottom:4px\" target=\"_blank\" rel=\"noreferrer noopener\">Afficher les formations<\/a><\/div>\n<\/div>\n<\/div>\n<\/div>\n\n\n\n<div class=\"is-layout-flow wp-block-column\">\n<div class=\"is-content-justification-left is-layout-constrained wp-container-55 wp-block-group card card-hover shape-top-right\" style=\"padding-top:var(--wp--preset--spacing--50);padding-right:var(--wp--preset--spacing--40);padding-bottom:var(--wp--preset--spacing--50);padding-left:var(--wp--preset--spacing--40)\">\n<h3 class=\"wp-block-heading\">Formation sp\u00e9cifique profils IT\/MOA<\/h3>\n\n\n\n<p>Plusieurs formations sont propos\u00e9es pour accompagner les \u00e9quipes IT et MOA \u00e0 la connaissance de la m\u00e9thode agile et outils mis \u00e0 disposition<\/p>\n\n\n\n<div class=\"is-layout-flex wp-block-buttons\">\n<div class=\"wp-block-button has-custom-font-size is-style-fill has-small-font-size\"><a class=\"wp-block-button__link has-contrast-color has-base-background-color has-text-color has-background has-link-color wp-element-button\" href=\"https:\/\/formation-gfptech.catalogueformpro.com\/\" style=\"padding-top:4px;padding-bottom:4px\" target=\"_blank\" rel=\"noreferrer noopener\">Afficher les formations<\/a><\/div>\n<\/div>\n<\/div>\n<\/div>\n\n\n\n<div class=\"is-layout-flow wp-block-column\"><\/div>\n<\/div>\n<\/div>\n","protected":false},"excerpt":{"rendered":"<p>Un catalogue de formation en assurance et sur nos outils pour la mont\u00e9e en comp\u00e9tence de vos collaborateurs Notre Offre [&hellip;]<\/p>\n","protected":false},"author":1,"featured_media":0,"parent":335,"menu_order":0,"comment_status":"closed","ping_status":"closed","template":"","meta":{"site-sidebar-layout":"default","site-content-layout":"","ast-site-content-layout":"default","site-content-style":"default","site-sidebar-style":"default","ast-global-header-display":"","ast-banner-title-visibility":"","ast-main-header-display":"","ast-hfb-above-header-display":"","ast-hfb-below-header-display":"","ast-hfb-mobile-header-display":"","site-post-title":"","ast-breadcrumbs-content":"","ast-featured-img":"","footer-sml-layout":"","ast-disable-related-posts":"","theme-transparent-header-meta":"","adv-header-id-meta":"","stick-header-meta":"","header-above-stick-meta":"","header-main-stick-meta":"","header-below-stick-meta":"","astra-migrate-meta-layouts":"default","ast-page-background-enabled":"default","ast-page-background-meta":{"desktop":{"background-color":"var(--ast-global-color-5)","background-image":"","background-repeat":"repeat","background-position":"center center","background-size":"auto","background-attachment":"scroll","background-type":"","background-media":"","overlay-type":"","overlay-color":"","overlay-opacity":"","overlay-gradient":""},"tablet":{"background-color":"","background-image":"","background-repeat":"repeat","background-position":"center center","background-size":"auto","background-attachment":"scroll","background-type":"","background-media":"","overlay-type":"","overlay-color":"","overlay-opacity":"","overlay-gradient":""},"mobile":{"background-color":"","background-image":"","background-repeat":"repeat","background-position":"center center","background-size":"auto","background-attachment":"scroll","background-type":"","background-media":"","overlay-type":"","overlay-color":"","overlay-opacity":"","overlay-gradient":""}},"ast-content-background-meta":{"desktop":{"background-color":"var(--ast-global-color-4)","background-image":"","background-repeat":"repeat","background-position":"center center","background-size":"auto","background-attachment":"scroll","background-type":"","background-media":"","overlay-type":"","overlay-color":"","overlay-opacity":"","overlay-gradient":""},"tablet":{"background-color":"var(--ast-global-color-4)","background-image":"","background-repeat":"repeat","background-position":"center center","background-size":"auto","background-attachment":"scroll","background-type":"","background-media":"","overlay-type":"","overlay-color":"","overlay-opacity":"","overlay-gradient":""},"mobile":{"background-color":"var(--ast-global-color-4)","background-image":"","background-repeat":"repeat","background-position":"center center","background-size":"auto","background-attachment":"scroll","background-type":"","background-media":"","overlay-type":"","overlay-color":"","overlay-opacity":"","overlay-gradient":""}}},"_links":{"self":[{"href":"https:\/\/www.heka-assurances.com\/index.php\/wp-json\/wp\/v2\/pages\/390"}],"collection":[{"href":"https:\/\/www.heka-assurances.com\/index.php\/wp-json\/wp\/v2\/pages"}],"about":[{"href":"https:\/\/www.heka-assurances.com\/index.php\/wp-json\/wp\/v2\/types\/page"}],"author":[{"embeddable":true,"href":"https:\/\/www.heka-assurances.com\/index.php\/wp-json\/wp\/v2\/users\/1"}],"replies":[{"embeddable":true,"href":"https:\/\/www.heka-assurances.com\/index.php\/wp-json\/wp\/v2\/comments?post=390"}],"version-history":[{"count":13,"href":"https:\/\/www.heka-assurances.com\/index.php\/wp-json\/wp\/v2\/pages\/390\/revisions"}],"predecessor-version":[{"id":2043,"href":"https:\/\/www.heka-assurances.com\/index.php\/wp-json\/wp\/v2\/pages\/390\/revisions\/2043"}],"up":[{"embeddable":true,"href":"https:\/\/www.heka-assurances.com\/index.php\/wp-json\/wp\/v2\/pages\/335"}],"wp:attachment":[{"href":"https:\/\/www.heka-assurances.com\/index.php\/wp-json\/wp\/v2\/media?parent=390"}],"curies":[{"name":"wp","href":"https:\/\/api.w.org\/{rel}","templated":true}]}}